{"id":10,"date":"2020-09-26T14:25:53","date_gmt":"2020-09-26T17:25:53","guid":{"rendered":"https:\/\/geraldocandidato.zimmdigital.com.br\/?page_id=10"},"modified":"2020-10-18T11:20:55","modified_gmt":"2020-10-18T14:20:55","slug":"inicio","status":"publish","type":"page","link":"https:\/\/geraldocandidato.zimmdigital.com.br\/","title":{"rendered":"IN\u00cdCIO"},"content":{"rendered":"<p><img loading=\"lazy\" decoding=\"async\" width=\"500\" height=\"200\" src=\"https:\/\/geraldocandidato.zimmdigital.com.br\/wp-content\/uploads\/2020\/10\/LOGO-MDB-AC.png\" alt=\"\" srcset=\"https:\/\/geraldocandidato.zimmdigital.com.br\/wp-content\/uploads\/2020\/10\/LOGO-MDB-AC.png 500w, https:\/\/geraldocandidato.zimmdigital.com.br\/wp-content\/uploads\/2020\/10\/LOGO-MDB-AC-300x120.png 300w\" sizes=\"(max-width: 500px) 100vw, 500px\" \/>\t\t\t\t\t\t\t\t\t\t\t<\/p>\n<h3>\n\t\t\t\t\tENDERE\u00c7O<br \/>\n\t\t\t\t<\/h3>\n<p>Ant\u00f4nio Carlos SC\n<\/p>\n<h3>\n\t\t\t\t\tCONTATO<br \/>\n\t\t\t\t<\/h3>\n<p>(48) 99837-3553\n<\/p>\n<h3>\n\t\t\t\t\tE-MAIL<br \/>\n\t\t\t\t<\/h3>\n<p>acgeraldo2020@gmail.com<\/p>\n<p>\t\t\t\t\t<a href=\"https:\/\/www.facebook.com\/geraldopauli.ac\" target=\"_blank\" rel=\"nofollow noopener noreferrer\"><br \/>\n\t\t\t\t\t\tFacebook-f<br \/>\n\t\t\t\t\t\t\t\t\t\t\t<\/a><br \/>\n\t\t\t\t\t<a href=\"https:\/\/www.instagram.com\/geraldopauli.ac\/\" target=\"_blank\" rel=\"nofollow noopener noreferrer\"><br \/>\n\t\t\t\t\t\tInstagram<br \/>\n\t\t\t\t\t\t\t\t\t\t\t<\/a><br \/>\n\t\t\t\t\t\t\t\t\t\t<img loading=\"lazy\" decoding=\"async\" width=\"586\" height=\"235\" src=\"https:\/\/geraldocandidato.zimmdigital.com.br\/wp-content\/uploads\/2020\/10\/PREFEITO-GERALDO-LOGO.png\" alt=\"\" srcset=\"https:\/\/geraldocandidato.zimmdigital.com.br\/wp-content\/uploads\/2020\/10\/PREFEITO-GERALDO-LOGO.png 586w, https:\/\/geraldocandidato.zimmdigital.com.br\/wp-content\/uploads\/2020\/10\/PREFEITO-GERALDO-LOGO-300x120.png 300w\" sizes=\"(max-width: 586px) 100vw, 586px\" \/><br \/>\n\t\t\t\t\t\t\t\t\t\t<img loading=\"lazy\" decoding=\"async\" width=\"470\" height=\"244\" src=\"https:\/\/geraldocandidato.zimmdigital.com.br\/wp-content\/uploads\/2020\/10\/AC-NO-RUMO-CERTO.png\" alt=\"\" srcset=\"https:\/\/geraldocandidato.zimmdigital.com.br\/wp-content\/uploads\/2020\/10\/AC-NO-RUMO-CERTO.png 470w, https:\/\/geraldocandidato.zimmdigital.com.br\/wp-content\/uploads\/2020\/10\/AC-NO-RUMO-CERTO-300x156.png 300w\" sizes=\"(max-width: 470px) 100vw, 470px\" \/><br \/>\n\t\t\t\t\t\t\t\t\t\t<img loading=\"lazy\" decoding=\"async\" width=\"800\" height=\"683\" src=\"https:\/\/geraldocandidato.zimmdigital.com.br\/wp-content\/uploads\/2020\/10\/PREFEITO-E-VICE.png\" alt=\"\" srcset=\"https:\/\/geraldocandidato.zimmdigital.com.br\/wp-content\/uploads\/2020\/10\/PREFEITO-E-VICE.png 800w, https:\/\/geraldocandidato.zimmdigital.com.br\/wp-content\/uploads\/2020\/10\/PREFEITO-E-VICE-300x256.png 300w, https:\/\/geraldocandidato.zimmdigital.com.br\/wp-content\/uploads\/2020\/10\/PREFEITO-E-VICE-768x656.png 768w\" sizes=\"(max-width: 800px) 100vw, 800px\" \/>\t\t\t\t\t\t\t\t\t\t\t<\/p>\n<h2>Geraldo e Filipe para Ant\u00f4nio Carlos continuar no Rumo Certo<\/h2>\n<p>\u00c9 hora de decidir o futuro de nossa cidade! E para cuidar dessa terra \u00e9 preciso experi\u00eancia, amor, compromisso e responsabilidade. Geraldo Pauli dedicou sua vida \u00e0 Ant\u00f4nio Carlos. Em todas as principais obras e a\u00e7\u00f5es do munic\u00edpio ele estava l\u00e1, planejando, buscando recursos, fazendo acontecer. Um prefeito realizador, respons\u00e1vel e trabalhador, com mais de 30 anos de vida p\u00fablica. Nesta elei\u00e7\u00e3o, ele est\u00e1 acompanhado do vereador mais jovem de Santa Catarina, orgulho para n\u00f3s, Filipe Schmitz. Juntos eles v\u00e3o unir experi\u00eancia com determina\u00e7\u00e3o, para que a cidade continue desenvolvendo.<\/p>\n<p>Transpar\u00eancia de gest\u00e3o, responsabilidade com o dinheiro p\u00fablico, mais sa\u00fade e educa\u00e7\u00e3o de qualidade para nossos mun\u00edcipes. Apoio \u00e0 agricultura e ao desenvolvimento sustent\u00e1vel. Estes s\u00e3o os compromissos de quem conhece esta terra, de quem fez da pol\u00edtica a sua escolha de vida. De quem ama a nossa cidade. Para que Ant\u00f4nio Carlos continue no Rumo Certo, no pr\u00f3ximo dia 15 de novembro, vote 15, vote Geraldo e Filipe!<\/p>\n<p>\t\t\t\t\t\t\t\t\t\t<img loading=\"lazy\" decoding=\"async\" width=\"600\" height=\"770\" src=\"https:\/\/geraldocandidato.zimmdigital.com.br\/wp-content\/uploads\/2020\/10\/ANTONIO-CARLOS-SOBRE-2.png\" alt=\"\" srcset=\"https:\/\/geraldocandidato.zimmdigital.com.br\/wp-content\/uploads\/2020\/10\/ANTONIO-CARLOS-SOBRE-2.png 600w, https:\/\/geraldocandidato.zimmdigital.com.br\/wp-content\/uploads\/2020\/10\/ANTONIO-CARLOS-SOBRE-2-234x300.png 234w\" sizes=\"(max-width: 600px) 100vw, 600px\" \/><br \/>\n\t\t\t\t\t\t\tPrevious<br \/>\n\t\t\t\t\t\t\tNext<\/p>\n<h2>Geraldo j\u00e1 fez e vai fazer ainda mais!<br \/>\nConhe\u00e7a as propostas para Ant\u00f4nio Carlos seguir no rumo certo.<\/h2>\n<p>\t\t\t\t\t\t\t\t\t\t<img loading=\"lazy\" decoding=\"async\" width=\"900\" height=\"333\" src=\"https:\/\/geraldocandidato.zimmdigital.com.br\/wp-content\/uploads\/2020\/10\/GERALDO-JA-FEZ.png\" alt=\"\" srcset=\"https:\/\/geraldocandidato.zimmdigital.com.br\/wp-content\/uploads\/2020\/10\/GERALDO-JA-FEZ.png 900w, https:\/\/geraldocandidato.zimmdigital.com.br\/wp-content\/uploads\/2020\/10\/GERALDO-JA-FEZ-300x111.png 300w, https:\/\/geraldocandidato.zimmdigital.com.br\/wp-content\/uploads\/2020\/10\/GERALDO-JA-FEZ-768x284.png 768w\" sizes=\"(max-width: 900px) 100vw, 900px\" \/>\t\t\t\t\t\t\t\t\t\t\t<\/p>\n<h4>FEZ PELA SA\u00daDE<\/h4>\n<p>\t\t\t\t\t\t\t\t\t\t<img loading=\"lazy\" decoding=\"async\" width=\"801\" height=\"752\" src=\"https:\/\/geraldocandidato.zimmdigital.com.br\/wp-content\/uploads\/2020\/10\/FEZ-SAUDE.png\" alt=\"\" srcset=\"https:\/\/geraldocandidato.zimmdigital.com.br\/wp-content\/uploads\/2020\/10\/FEZ-SAUDE.png 801w, https:\/\/geraldocandidato.zimmdigital.com.br\/wp-content\/uploads\/2020\/10\/FEZ-SAUDE-300x282.png 300w, https:\/\/geraldocandidato.zimmdigital.com.br\/wp-content\/uploads\/2020\/10\/FEZ-SAUDE-768x721.png 768w\" sizes=\"(max-width: 801px) 100vw, 801px\" \/>\t\t\t\t\t\t\t\t\t\t\t<\/p>\n<p><strong>Reforma e amplia\u00e7\u00e3o do complexo da Unidade B\u00e1sica de Sa\u00fade<\/strong> \u2013 com a constru\u00e7\u00e3o da nova farm\u00e1cia, pavimenta\u00e7\u00e3o e acessibilidade do p\u00e1tio, reforma do telhado, amplia\u00e7\u00e3o e constru\u00e7\u00e3o de garagem para a frota, sala para os motoristas, instala\u00e7\u00e3o de cobertura e liga\u00e7\u00e3o dos pr\u00e9dios, reforma e readequa\u00e7\u00e3o da emerg\u00eancia.<\/p>\n<ul>\n<li>\n\t\t\t\t\t\t\t\t\t\tContrata\u00e7\u00e3o de <B>novos m\u00e9dicos e enfermeiros<\/b>;\n\t\t\t\t\t\t\t\t\t<\/li>\n<li>\n\t\t\t\t\t\t\t\t\t\tAquisi\u00e7\u00e3o e instala\u00e7\u00e3o de <b>videomonitoramento nos pr\u00e9dios da sa\u00fade<\/b>;\n\t\t\t\t\t\t\t\t\t<\/li>\n<li>\n\t\t\t\t\t\t\t\t\t\t<b>Aquisi\u00e7\u00e3o de 6 ve\u00edculos<\/b> para a sa\u00fade;\n\t\t\t\t\t\t\t\t\t<\/li>\n<li>\n\t\t\t\t\t\t\t\t\t\tAquisi\u00e7\u00e3o e instala\u00e7\u00e3o de equipamentos para o <b>novo consult\u00f3rio odontol\u00f3gico<\/b>;\n\t\t\t\t\t\t\t\t\t<\/li>\n<li>\n\t\t\t\t\t\t\t\t\t\tAmplia\u00e7\u00e3o nos hor\u00e1rios de atendimento para <b>vacina\u00e7\u00e3o at\u00e9 \u00e0s 19h<\/b>;\n\t\t\t\t\t\t\t\t\t<\/li>\n<li>\n\t\t\t\t\t\t\t\t\t\tCria\u00e7\u00e3o de <b>nova \u00e1rea para o programa ESF (\u00c1rea 4)<\/b>, para o centro da cidade;\n\t\t\t\t\t\t\t\t\t<\/li>\n<li>\n\t\t\t\t\t\t\t\t\t\tAquisi\u00e7\u00e3o de <b>novos equipamentos para o complexo da unidade b\u00e1sica e profissionais da sa\u00fade<\/b>;\n\t\t\t\t\t\t\t\t\t<\/li>\n<li>\n\t\t\t\t\t\t\t\t\t\t<b>Implanta\u00e7\u00e3o do sistema Tele-Sa\u00fade<\/b>, que recebe resultados de exames e agendamentos de consultas via WhatsApp.\n\t\t\t\t\t\t\t\t\t<\/li>\n<\/ul>\n<h4>FEZ PELA ASSIST\u00caNCIA SOCIAL<\/h4>\n<p>\t\t\t\t\t\t\t\t\t\t<img loading=\"lazy\" decoding=\"async\" width=\"801\" height=\"752\" src=\"https:\/\/geraldocandidato.zimmdigital.com.br\/wp-content\/uploads\/2020\/10\/FEZ-ASSISTENCIA.png\" alt=\"\" srcset=\"https:\/\/geraldocandidato.zimmdigital.com.br\/wp-content\/uploads\/2020\/10\/FEZ-ASSISTENCIA.png 801w, https:\/\/geraldocandidato.zimmdigital.com.br\/wp-content\/uploads\/2020\/10\/FEZ-ASSISTENCIA-300x282.png 300w, https:\/\/geraldocandidato.zimmdigital.com.br\/wp-content\/uploads\/2020\/10\/FEZ-ASSISTENCIA-768x721.png 768w\" sizes=\"(max-width: 801px) 100vw, 801px\" \/>\t\t\t\t\t\t\t\t\t\t\t<\/p>\n<p>Implanta\u00e7\u00e3o do <strong>Auxilio Cesta B\u00e1sica na modalidade cart\u00e3o<\/strong>.<\/p>\n<ul>\n<li>\n\t\t\t\t\t\t\t\t\t\tConstru\u00e7\u00e3o do <b>Centro P\u00fablico de Conviv\u00eancia<\/b> do idoso (em andamento);\n\t\t\t\t\t\t\t\t\t<\/li>\n<li>\n\t\t\t\t\t\t\t\t\t\tAquisi\u00e7\u00e3o de <b>2 micro-\u00f4nibus<\/b> para Assist\u00eancia Social;\n\t\t\t\t\t\t\t\t\t<\/li>\n<li>\n\t\t\t\t\t\t\t\t\t\tConstru\u00e7\u00e3o do <b>Centro de Refer\u00eancia da Assist\u00eancia Social &#8211; CRAS<\/b>;\n\t\t\t\t\t\t\t\t\t<\/li>\n<li>\n\t\t\t\t\t\t\t\t\t\tAquisi\u00e7\u00e3o de<b> mobili\u00e1rio e equipamentos para APAE<\/b>, por meio de emenda parlamentar;\n\t\t\t\t\t\t\t\t\t<\/li>\n<li>\n\t\t\t\t\t\t\t\t\t\tAquisi\u00e7\u00e3o de <b>Kit do Conselho Tutelar \u2013 1 ve\u00edculo, 5 computadores, 1 refrigerador,  1 bebedouro e impressora<\/b>.\n\t\t\t\t\t\t\t\t\t<\/li>\n<\/ul>\n<h4>FEZ PELA EDUCA\u00c7\u00c3O<\/h4>\n<p>\t\t\t\t\t\t\t\t\t\t<img loading=\"lazy\" decoding=\"async\" width=\"801\" height=\"752\" src=\"https:\/\/geraldocandidato.zimmdigital.com.br\/wp-content\/uploads\/2020\/10\/FEZ-EDUCACAO-1.png\" alt=\"\" srcset=\"https:\/\/geraldocandidato.zimmdigital.com.br\/wp-content\/uploads\/2020\/10\/FEZ-EDUCACAO-1.png 801w, https:\/\/geraldocandidato.zimmdigital.com.br\/wp-content\/uploads\/2020\/10\/FEZ-EDUCACAO-1-300x282.png 300w, https:\/\/geraldocandidato.zimmdigital.com.br\/wp-content\/uploads\/2020\/10\/FEZ-EDUCACAO-1-768x721.png 768w\" sizes=\"(max-width: 801px) 100vw, 801px\" \/>\t\t\t\t\t\t\t\t\t\t\t<\/p>\n<p>Retomada da <strong>Educa\u00e7\u00e3o de Jovens e Adultos \u2013 EJA (supletivo) e implanta\u00e7\u00e3o do projeto Antonio-Carlense alfabetizado<\/strong> para jovens e adultos.<\/p>\n<p>\t\t\t\t\t\t\t\t\t\t<img loading=\"lazy\" decoding=\"async\" width=\"801\" height=\"752\" src=\"https:\/\/geraldocandidato.zimmdigital.com.br\/wp-content\/uploads\/2020\/10\/FEZ-EDUCACAO-2.png\" alt=\"\" srcset=\"https:\/\/geraldocandidato.zimmdigital.com.br\/wp-content\/uploads\/2020\/10\/FEZ-EDUCACAO-2.png 801w, https:\/\/geraldocandidato.zimmdigital.com.br\/wp-content\/uploads\/2020\/10\/FEZ-EDUCACAO-2-300x282.png 300w, https:\/\/geraldocandidato.zimmdigital.com.br\/wp-content\/uploads\/2020\/10\/FEZ-EDUCACAO-2-768x721.png 768w\" sizes=\"(max-width: 801px) 100vw, 801px\" \/>\t\t\t\t\t\t\t\t\t\t\t<\/p>\n<p>Implanta\u00e7\u00e3o da <strong>disciplina de ingl\u00eas no ensino fundamental<\/strong> da rede municipal.<\/p>\n<p>\t\t\t\t\t\t\t\t\t\t<img loading=\"lazy\" decoding=\"async\" width=\"801\" height=\"752\" src=\"https:\/\/geraldocandidato.zimmdigital.com.br\/wp-content\/uploads\/2020\/10\/FEZ-EDUCACAO-3.png\" alt=\"\" srcset=\"https:\/\/geraldocandidato.zimmdigital.com.br\/wp-content\/uploads\/2020\/10\/FEZ-EDUCACAO-3.png 801w, https:\/\/geraldocandidato.zimmdigital.com.br\/wp-content\/uploads\/2020\/10\/FEZ-EDUCACAO-3-300x282.png 300w, https:\/\/geraldocandidato.zimmdigital.com.br\/wp-content\/uploads\/2020\/10\/FEZ-EDUCACAO-3-768x721.png 768w\" sizes=\"(max-width: 801px) 100vw, 801px\" \/>\t\t\t\t\t\t\t\t\t\t\t<\/p>\n<p>Entrega de <strong>70 notebooks para os professores da rede municipal<\/strong> durante a pandemia.<\/p>\n<ul>\n<li>\n\t\t\t\t\t\t\t\t\t\tAquisi\u00e7\u00e3o de <b>4 \u00f4nibus e 1 kombi para o transporte escolar<\/b>;\n\t\t\t\t\t\t\t\t\t<\/li>\n<li>\n\t\t\t\t\t\t\t\t\t\t<b>Mais de 260 estudantes do ensino m\u00e9dio t\u00e9cnico e ensino superior beneficiados com o transporte escolar e vale-transporte<\/b> em 2019;\n\t\t\t\t\t\t\t\t\t<\/li>\n<li>\n\t\t\t\t\t\t\t\t\t\tConclus\u00e3o de um novo <b>Centro de Educa\u00e7\u00e3o Infantil Municipal &#8211; Creche<\/b>;\n\t\t\t\t\t\t\t\t\t<\/li>\n<li>\n\t\t\t\t\t\t\t\t\t\tConstru\u00e7\u00e3o de uma <b>quadra poliesportiva e implanta\u00e7\u00e3o no atendimento de creche (G2 e G3) no NEM Professora Ver\u00f4nica Guesser Pauli <\/b>(Rachadel);\n\t\t\t\t\t\t\t\t\t<\/li>\n<li>\n\t\t\t\t\t\t\t\t\t\t<b>Constru\u00e7\u00e3o de biblioteca na Escola Municipal Dom Afonso Niehues <\/b>(Centro);\n\t\t\t\t\t\t\t\t\t<\/li>\n<li>\n\t\t\t\t\t\t\t\t\t\tConstru\u00e7\u00e3o de <b>mini quadra, sala de professores, aquisi\u00e7\u00e3o de novos mobili\u00e1rios e computadores no NEM C\u00f4nego Dr. Raulino Reitz <\/b>(Santa Maria);\n\t\t\t\t\t\t\t\t\t<\/li>\n<li>\n\t\t\t\t\t\t\t\t\t\tEfetiva\u00e7\u00e3o de <b>Fonoaudi\u00f3loga e Psic\u00f3loga para atendimento dos alunos <\/b>da rede municipal de ensino;\n\t\t\t\t\t\t\t\t\t<\/li>\n<li>\n\t\t\t\t\t\t\t\t\t\tImplanta\u00e7\u00e3o do <b>projeto Fiscais Mirins<\/b>;\n\t\t\t\t\t\t\t\t\t<\/li>\n<li>\n\t\t\t\t\t\t\t\t\t\tAquisi\u00e7\u00e3o e implanta\u00e7\u00e3o de<b> videomonitoramento em 8 ve\u00edculos do transporte escolas<\/b>;\n\t\t\t\t\t\t\t\t\t<\/li>\n<li>\n\t\t\t\t\t\t\t\t\t\t<b>Retomada das formaturas do Pr\u00e9-Escolar<\/b>;\n\t\t\t\t\t\t\t\t\t<\/li>\n<li>\n\t\t\t\t\t\t\t\t\t\tAquisi\u00e7\u00e3o de <b>parque infantil para as escolas municipais<\/b> (EM Dom Afonso Niehues e NEM C\u00f4nego Dr. Raulino Reitz).\n\t\t\t\t\t\t\t\t\t<\/li>\n<\/ul>\n<h4>FEZ MAIS OBRAS<\/h4>\n<p>\t\t\t\t\t\t\t\t\t\t<img loading=\"lazy\" decoding=\"async\" width=\"801\" height=\"752\" src=\"https:\/\/geraldocandidato.zimmdigital.com.br\/wp-content\/uploads\/2020\/10\/FEZ-OBRAS-1.png\" alt=\"\" srcset=\"https:\/\/geraldocandidato.zimmdigital.com.br\/wp-content\/uploads\/2020\/10\/FEZ-OBRAS-1.png 801w, https:\/\/geraldocandidato.zimmdigital.com.br\/wp-content\/uploads\/2020\/10\/FEZ-OBRAS-1-300x282.png 300w, https:\/\/geraldocandidato.zimmdigital.com.br\/wp-content\/uploads\/2020\/10\/FEZ-OBRAS-1-768x721.png 768w\" sizes=\"(max-width: 801px) 100vw, 801px\" \/>\t\t\t\t\t\t\t\t\t\t\t<\/p>\n<p><strong>7,38km&#8217;s de pavimenta\u00e7\u00e3o asf\u00e1ltica s\u00f3 nesta gest\u00e3o<\/strong>. <br \/>Rua Ant\u00f4nio Weber (Canudos), Rua Lib\u00f3rio Francisco Goedert (Centro), Recapeamento da Avenida Jo\u00e3o Ant\u00f4nio Besen, com continua\u00e7\u00e3o na Rua L\u00facia Pauli (Centro), Rua 4 de Dezembro (Santa B\u00e1rbara), Rua Mathias Petry Junior (Guiomar), Rua Professor Jos\u00e9 Reitz (Guiomar de Fora), Rua Lamartine Petri (Guiomar), Rua S\u00e3o Francisco de Assis (Guiomar de Baixo).<\/p>\n<p>\t\t\t\t\t\t\t\t\t\t<img loading=\"lazy\" decoding=\"async\" width=\"801\" height=\"752\" src=\"https:\/\/geraldocandidato.zimmdigital.com.br\/wp-content\/uploads\/2020\/10\/FEZ-OBRAS-2.png\" alt=\"\" srcset=\"https:\/\/geraldocandidato.zimmdigital.com.br\/wp-content\/uploads\/2020\/10\/FEZ-OBRAS-2.png 801w, https:\/\/geraldocandidato.zimmdigital.com.br\/wp-content\/uploads\/2020\/10\/FEZ-OBRAS-2-300x282.png 300w, https:\/\/geraldocandidato.zimmdigital.com.br\/wp-content\/uploads\/2020\/10\/FEZ-OBRAS-2-768x721.png 768w\" sizes=\"(max-width: 801px) 100vw, 801px\" \/>\t\t\t\t\t\t\t\t\t\t\t<\/p>\n<p><strong>Constru\u00e7\u00e3o de pontes e galerias<\/strong> (bairros: Rachadel,<br \/>Rancho Miguel e Rio Farias).<\/p>\n<ul>\n<li>\n\t\t\t\t\t\t\t\t\t\tAquisi\u00e7\u00e3o de <b>Escavadeira Hidr\u00e1ulica<\/b>;\n\t\t\t\t\t\t\t\t\t<\/li>\n<li>\n\t\t\t\t\t\t\t\t\t\tAquisi\u00e7\u00e3o de <b>2 Retroescavadeiras<\/b>;\n\t\t\t\t\t\t\t\t\t<\/li>\n<li>\n\t\t\t\t\t\t\t\t\t\tConstru\u00e7\u00e3o da <b>Casa do Agricultor (em andamento)<\/b>;\n\t\t\t\t\t\t\t\t\t<\/li>\n<li>\n\t\t\t\t\t\t\t\t\t\tAmplia\u00e7\u00e3o e <b>melhoria no sistema de abastecimento de \u00e1gua <\/b>nos bairros Centro e Canudos;\n\t\t\t\t\t\t\t\t\t<\/li>\n<li>\n\t\t\t\t\t\t\t\t\t\tAquisi\u00e7\u00e3o de <b>parque infantil no Loteamento S\u00e3o Carlos<\/b>;\n\t\t\t\t\t\t\t\t\t<\/li>\n<li>\n\t\t\t\t\t\t\t\t\t\tObras de <b>amplia\u00e7\u00e3o e melhorias em macrodrenagem <\/b>(Defesa Civil);\n\t\t\t\t\t\t\t\t\t<\/li>\n<li>\n\t\t\t\t\t\t\t\t\t\t<b>Constru\u00e7\u00e3o dos passeios<\/b> e revitaliza\u00e7\u00e3o da Avenida Jo\u00e3o Frederico Martendal \u2013 Centro.\n\t\t\t\t\t\t\t\t\t<\/li>\n<\/ul>\n<h4>FEZ PELA CULTURA<\/h4>\n<p>\t\t\t\t\t\t\t\t\t\t<img loading=\"lazy\" decoding=\"async\" width=\"801\" height=\"752\" src=\"https:\/\/geraldocandidato.zimmdigital.com.br\/wp-content\/uploads\/2020\/10\/FEZ-CULTURA.png\" alt=\"\" srcset=\"https:\/\/geraldocandidato.zimmdigital.com.br\/wp-content\/uploads\/2020\/10\/FEZ-CULTURA.png 801w, https:\/\/geraldocandidato.zimmdigital.com.br\/wp-content\/uploads\/2020\/10\/FEZ-CULTURA-300x282.png 300w, https:\/\/geraldocandidato.zimmdigital.com.br\/wp-content\/uploads\/2020\/10\/FEZ-CULTURA-768x721.png 768w\" sizes=\"(max-width: 801px) 100vw, 801px\" \/>\t\t\t\t\t\t\t\t\t\t\t<\/p>\n<ul>\n<li>\n\t\t\t\t\t\t\t\t\t\t<b>Reforma da Escola Municipal Padre Alfredo Junkes<\/b> para apropria\u00e7\u00e3o da Escola de M\u00fasica;\n\t\t\t\t\t\t\t\t\t<\/li>\n<li>\n\t\t\t\t\t\t\t\t\t\t<b>Climatiza\u00e7\u00e3o do Audit\u00f3rio Municipal<\/b>;\n\t\t\t\t\t\t\t\t\t<\/li>\n<li>\n\t\t\t\t\t\t\t\t\t\t<b>Constru\u00e7\u00e3o e finaliza\u00e7\u00e3o da obra do Museu Municipal <\/b>\u2013 com a inaugura\u00e7\u00e3o no centen\u00e1rio de nascimento do Conego Dr. Raulino Reitz;\n\t\t\t\t\t\t\t\t\t<\/li>\n<li>\n\t\t\t\t\t\t\t\t\t\tImplanta\u00e7\u00e3o do <b>museu on-line<\/b>;\n\t\t\t\t\t\t\t\t\t<\/li>\n<li>\n\t\t\t\t\t\t\t\t\t\tRealiza\u00e7\u00e3o da <b>Noite Cultural e concursos de desenhos e poema<\/b>;\n\t\t\t\t\t\t\t\t\t<\/li>\n<li>\n\t\t\t\t\t\t\t\t\t\tRealiza\u00e7\u00e3o do <b>Natal Iluminado<\/b>.\n\t\t\t\t\t\t\t\t\t<\/li>\n<\/ul>\n<h4>FEZ PELO TURISMO E ESPORTE<\/h4>\n<p>\t\t\t\t\t\t\t\t\t\t<img loading=\"lazy\" decoding=\"async\" width=\"801\" height=\"752\" src=\"https:\/\/geraldocandidato.zimmdigital.com.br\/wp-content\/uploads\/2020\/10\/FEZ-ESPORTES.png\" alt=\"\" srcset=\"https:\/\/geraldocandidato.zimmdigital.com.br\/wp-content\/uploads\/2020\/10\/FEZ-ESPORTES.png 801w, https:\/\/geraldocandidato.zimmdigital.com.br\/wp-content\/uploads\/2020\/10\/FEZ-ESPORTES-300x282.png 300w, https:\/\/geraldocandidato.zimmdigital.com.br\/wp-content\/uploads\/2020\/10\/FEZ-ESPORTES-768x721.png 768w\" sizes=\"(max-width: 801px) 100vw, 801px\" \/>\t\t\t\t\t\t\t\t\t\t\t<\/p>\n<ul>\n<li>\n\t\t\t\t\t\t\t\t\t\tConstru\u00e7\u00e3o do <b>Centro de Apoio ao Turista <\/b>(em andamento);\n\t\t\t\t\t\t\t\t\t<\/li>\n<li>\n\t\t\t\t\t\t\t\t\t\tRealiza\u00e7\u00e3o da reforma, <b>revitaliza\u00e7\u00e3o do gin\u00e1sio municipal de esportes e aquisi\u00e7\u00e3o do placar eletr\u00f4nico<\/b>;\n\t\t\t\t\t\t\t\t\t<\/li>\n<li>\n\t\t\t\t\t\t\t\t\t\tRealiza\u00e7\u00e3o do <b>campeonato do moleque bom de bola<\/b>;\n\t\t\t\t\t\t\t\t\t<\/li>\n<li>\n\t\t\t\t\t\t\t\t\t\tAmplia\u00e7\u00e3o nas modalidades esportivas <b>(Karat\u00ea, Taekwondo e Basquete)<\/b>.\n\t\t\t\t\t\t\t\t\t<\/li>\n<\/ul>\n<p>\t\t\t\t\t\t\t\t\t\t<img loading=\"lazy\" decoding=\"async\" width=\"900\" height=\"375\" src=\"https:\/\/geraldocandidato.zimmdigital.com.br\/wp-content\/uploads\/2020\/10\/GERALDO-VAI-FAZER.png\" alt=\"\" srcset=\"https:\/\/geraldocandidato.zimmdigital.com.br\/wp-content\/uploads\/2020\/10\/GERALDO-VAI-FAZER.png 900w, https:\/\/geraldocandidato.zimmdigital.com.br\/wp-content\/uploads\/2020\/10\/GERALDO-VAI-FAZER-300x125.png 300w, https:\/\/geraldocandidato.zimmdigital.com.br\/wp-content\/uploads\/2020\/10\/GERALDO-VAI-FAZER-768x320.png 768w\" sizes=\"(max-width: 900px) 100vw, 900px\" \/>\t\t\t\t\t\t\t\t\t\t\t<\/p>\n<h4>EDUCA\u00c7\u00c3O PARA O PRESENTE E FUTURO<\/h4>\n<p>\t\t\t\t\t\t\t\t\t\t<img loading=\"lazy\" decoding=\"async\" width=\"801\" height=\"752\" src=\"https:\/\/geraldocandidato.zimmdigital.com.br\/wp-content\/uploads\/2020\/10\/VAI-FAZER-EDUCACAO.png\" alt=\"\" srcset=\"https:\/\/geraldocandidato.zimmdigital.com.br\/wp-content\/uploads\/2020\/10\/VAI-FAZER-EDUCACAO.png 801w, https:\/\/geraldocandidato.zimmdigital.com.br\/wp-content\/uploads\/2020\/10\/VAI-FAZER-EDUCACAO-300x282.png 300w, https:\/\/geraldocandidato.zimmdigital.com.br\/wp-content\/uploads\/2020\/10\/VAI-FAZER-EDUCACAO-768x721.png 768w\" sizes=\"(max-width: 801px) 100vw, 801px\" \/>\t\t\t\t\t\t\t\t\t\t\t<\/p>\n<ul>\n<li>\n\t\t\t\t\t\t\t\t\t\t<b>ESCOLA DIGITAL<\/b> &#8211; Geraldo e Filipe v\u00e3o implantar o Programa Salas Digitais nas escolas, tornando as salas de aulas interativas e din\u00e2micas;\n\t\t\t\t\t\t\t\t\t<\/li>\n<li>\n\t\t\t\t\t\t\t\t\t\t<b>ENSINO BIL\u00cdNGUE<\/b> &#8211; Implantar o Ensino Bil\u00edngue em alem\u00e3o em uma escola piloto;\n\t\t\t\t\t\t\t\t\t<\/li>\n<li>\n\t\t\t\t\t\t\t\t\t\t<b>MAIS VAGAS<\/b> &#8211; Ampliar a oferta de vagas na educa\u00e7\u00e3o infantil\/creche;\n\t\t\t\t\t\t\t\t\t<\/li>\n<li>\n\t\t\t\t\t\t\t\t\t\t<b>PASSE ESCOLAR<\/b> &#8211; A prefeitura vai continuar oferecendo aos estudantes universit\u00e1rios e m\u00e9dio t\u00e9cnico vale transporte para realizarem seus estudos nos munic\u00edpios vizinhos;\n\t\t\t\t\t\t\t\t\t<\/li>\n<li>\n\t\t\t\t\t\t\t\t\t\t<b>ESCOLA INTEGRAL<\/b> &#8211; Implanta\u00e7\u00e3o de uma escola piloto em tempo integral;\n\t\t\t\t\t\t\t\t\t<\/li>\n<li>\n\t\t\t\t\t\t\t\t\t\t<b>CURSO PR\u00c9-VESTIBULAR<\/b> &#8211; Cria\u00e7\u00e3o de um curso pr\u00e9-vestibular gratuito;\n\t\t\t\t\t\t\t\t\t<\/li>\n<li>\n\t\t\t\t\t\t\t\t\t\t<b>SUPLETIVO<\/b> &#8211; Manter e ampliar o atendimento da Educa\u00e7\u00e3o de jovens e Adultos;\n\t\t\t\t\t\t\t\t\t<\/li>\n<li>\n\t\t\t\t\t\t\t\t\t\t<b>TRANSPORTE ESCOLAR PARA PER\u00cdODO NOTURNO <\/b>&#8211; Oferecer  transporte escolar para os alunos matriculados no per\u00edodo noturno da EEB Altamiro Guimar\u00e3es.\n\t\t\t\t\t\t\t\t\t<\/li>\n<\/ul>\n<h4>SA\u00daDE \u00c9 PRIORIDADE<\/h4>\n<p>\t\t\t\t\t\t\t\t\t\t<img loading=\"lazy\" decoding=\"async\" width=\"801\" height=\"752\" src=\"https:\/\/geraldocandidato.zimmdigital.com.br\/wp-content\/uploads\/2020\/10\/VAI-FAZER-SAUDE.png\" alt=\"\" srcset=\"https:\/\/geraldocandidato.zimmdigital.com.br\/wp-content\/uploads\/2020\/10\/VAI-FAZER-SAUDE.png 801w, https:\/\/geraldocandidato.zimmdigital.com.br\/wp-content\/uploads\/2020\/10\/VAI-FAZER-SAUDE-300x282.png 300w, https:\/\/geraldocandidato.zimmdigital.com.br\/wp-content\/uploads\/2020\/10\/VAI-FAZER-SAUDE-768x721.png 768w\" sizes=\"(max-width: 801px) 100vw, 801px\" \/>\t\t\t\t\t\t\t\t\t\t\t<\/p>\n<ul>\n<li>\n\t\t\t\t\t\t\t\t\t\t<b>MAIS SA\u00daDE<\/b> &#8211; Pronto atendimento aberto at\u00e9 as 22 horas, com m\u00e9dico e dentista at\u00e9 \u00e0s 21 horas. Constru\u00e7\u00e3o de Unidades B\u00e1sicas de Sa\u00fade no interior do munic\u00edpio;\n\t\t\t\t\t\t\t\t\t<\/li>\n<li>\n\t\t\t\t\t\t\t\t\t\t<b>SA\u00daDE DO PRODUTOR RURAL <\/b>&#8211; Implantar o Programa Sa\u00fade do(a) Produtor(a) Rural com medicina preventiva nas comunidades com ajuda das agentes comunit\u00e1rias de sa\u00fade;\n\t\t\t\t\t\t\t\t\t<\/li>\n<li>\n\t\t\t\t\t\t\t\t\t\t<b>TELE-SA\u00daDE<\/b> &#8211; Aprimorar o sistema de agendamento de consultas  por aplicativo com o funcionamento em larga escala do tele-sa\u00fade;\n\t\t\t\t\t\t\t\t\t<\/li>\n<li>\n\t\t\t\t\t\t\t\t\t\t<b>MAIS EXAMES E CONSULTAS COM ESPECIALISTAS <\/b>&#8211; Manter e ampliar conv\u00eanios\/contratos com cl\u00ednicas para especialidades m\u00e9dicas e laborat\u00f3rios para disponibilizar consultas\/exames para a popula\u00e7\u00e3o.\n\t\t\t\t\t\t\t\t\t<\/li>\n<\/ul>\n<h4>MAIS CULTURA PARA ANT\u00d4NIO CARLOS<\/h4>\n<p>\t\t\t\t\t\t\t\t\t\t<img loading=\"lazy\" decoding=\"async\" width=\"801\" height=\"752\" src=\"https:\/\/geraldocandidato.zimmdigital.com.br\/wp-content\/uploads\/2020\/10\/VAI-FAZER-CULTURA.png\" alt=\"\" srcset=\"https:\/\/geraldocandidato.zimmdigital.com.br\/wp-content\/uploads\/2020\/10\/VAI-FAZER-CULTURA.png 801w, https:\/\/geraldocandidato.zimmdigital.com.br\/wp-content\/uploads\/2020\/10\/VAI-FAZER-CULTURA-300x282.png 300w, https:\/\/geraldocandidato.zimmdigital.com.br\/wp-content\/uploads\/2020\/10\/VAI-FAZER-CULTURA-768x721.png 768w\" sizes=\"(max-width: 801px) 100vw, 801px\" \/>\t\t\t\t\t\t\t\t\t\t\t<\/p>\n<ul>\n<li>\n\t\t\t\t\t\t\t\t\t\t<b>PROGRAMA ANT\u00d4NIO CARLOS CULTURAL<\/b> &#8211; Incentivo aos artistas locais, por meio da promo\u00e7\u00e3o de eventos, divulga\u00e7\u00e3o e resgate da cultura \u00e9tnico racial. Reimplantar e manter a fanfarra municipal. Cria\u00e7\u00e3o de um grupo de dan\u00e7a alem\u00e3, promovendo aulas para crian\u00e7as, jovens, adultos e idosos.\n\t\t\t\t\t\t\t\t\t<\/li>\n<\/ul>\n<h4>AGRICULTURA E PECU\u00c1RIA PARA NOSSA CIDADE<\/h4>\n<p>\t\t\t\t\t\t\t\t\t\t<img loading=\"lazy\" decoding=\"async\" width=\"801\" height=\"752\" src=\"https:\/\/geraldocandidato.zimmdigital.com.br\/wp-content\/uploads\/2020\/10\/VAI-FAZER-AGRICULTURA.png\" alt=\"\" srcset=\"https:\/\/geraldocandidato.zimmdigital.com.br\/wp-content\/uploads\/2020\/10\/VAI-FAZER-AGRICULTURA.png 801w, https:\/\/geraldocandidato.zimmdigital.com.br\/wp-content\/uploads\/2020\/10\/VAI-FAZER-AGRICULTURA-300x282.png 300w, https:\/\/geraldocandidato.zimmdigital.com.br\/wp-content\/uploads\/2020\/10\/VAI-FAZER-AGRICULTURA-768x721.png 768w\" sizes=\"(max-width: 801px) 100vw, 801px\" \/>\t\t\t\t\t\t\t\t\t\t\t<\/p>\n<ul>\n<li>\n\t\t\t\t\t\t\t\t\t\t<b>CASA DO(A) AGRICULTOR(A) <\/b>\u2013 Iniciar o atendimento na Casa do(a) Agricultor(a), unificando todos os servi\u00e7os voltados \u00e0s necessidades do produtor rural;\n\t\t\t\t\t\t\t\t\t<\/li>\n<li>\n\t\t\t\t\t\t\t\t\t\t<b>PROGRAMA CAPACITAR<\/b> &#8211; Implanta\u00e7\u00e3o de cursos profissionalizantes para os(as) produtores(as) rurais;\n\t\t\t\t\t\t\t\t\t<\/li>\n<li>\n\t\t\t\t\t\t\t\t\t\t<b>CAMINHOS DO CAMPO <\/b>&#8211; Manuten\u00e7\u00e3o permanente das estradas rurais;  MAIS M\u00c1QUINAS NO CAMPO \u2013 Cess\u00e3o de horas m\u00e1quinas para os(as) produtores(as) rurais.\n\t\t\t\t\t\t\t\t\t<\/li>\n<\/ul>\n<h4>GEST\u00c3O EFICIENTE<\/h4>\n<p>\t\t\t\t\t\t\t\t\t\t<img loading=\"lazy\" decoding=\"async\" width=\"801\" height=\"752\" src=\"https:\/\/geraldocandidato.zimmdigital.com.br\/wp-content\/uploads\/2020\/10\/VAI-FAZER-GESTAO.png\" alt=\"\" srcset=\"https:\/\/geraldocandidato.zimmdigital.com.br\/wp-content\/uploads\/2020\/10\/VAI-FAZER-GESTAO.png 801w, https:\/\/geraldocandidato.zimmdigital.com.br\/wp-content\/uploads\/2020\/10\/VAI-FAZER-GESTAO-300x282.png 300w, https:\/\/geraldocandidato.zimmdigital.com.br\/wp-content\/uploads\/2020\/10\/VAI-FAZER-GESTAO-768x721.png 768w\" sizes=\"(max-width: 801px) 100vw, 801px\" \/>\t\t\t\t\t\t\t\t\t\t\t<\/p>\n<ul>\n<li>\n\t\t\t\t\t\t\t\t\t\t<b>CUIDA &#8211; ANTONIO CARLOS!<\/b> \u2013 Programa para que a popula\u00e7\u00e3o se comunique diretamente com a administra\u00e7\u00e3o, recebendo e enviando informa\u00e7\u00f5es e reclama\u00e7\u00f5es, com fotos atrav\u00e9s de aplicativo de celular;\n\t\t\t\t\t\t\t\t\t<\/li>\n<li>\n\t\t\t\t\t\t\t\t\t\t<b>CARGOS E SAL\u00c1RIOS<\/b> &#8211; Conclus\u00e3o do Plano de Cargos e Sal\u00e1rios dos(as) funcion\u00e1rios(as) p\u00fablicos(as) municipal;\n\t\t\t\t\t\t\t\t\t<\/li>\n<li>\n\t\t\t\t\t\t\t\t\t\t<b>PROGRAMA MEU PRIMEIRO EMPREGO <\/b>&#8211; Geraldo e Filipe v\u00e3o estimular e capacitar o jovem para o primeiro emprego, por meio de cursos, parcerias para ofertas de vagas e orienta\u00e7\u00e3o profissional.\n\t\t\t\t\t\t\t\t\t<\/li>\n<\/ul>\n<h4>TURISMO E SEGURAN\u00c7A P\u00daBLICA<\/h4>\n<p>\t\t\t\t\t\t\t\t\t\t<img loading=\"lazy\" decoding=\"async\" width=\"801\" height=\"752\" src=\"https:\/\/geraldocandidato.zimmdigital.com.br\/wp-content\/uploads\/2020\/10\/VAI-FAZER-SEGURANCA.png\" alt=\"\" srcset=\"https:\/\/geraldocandidato.zimmdigital.com.br\/wp-content\/uploads\/2020\/10\/VAI-FAZER-SEGURANCA.png 801w, https:\/\/geraldocandidato.zimmdigital.com.br\/wp-content\/uploads\/2020\/10\/VAI-FAZER-SEGURANCA-300x282.png 300w, https:\/\/geraldocandidato.zimmdigital.com.br\/wp-content\/uploads\/2020\/10\/VAI-FAZER-SEGURANCA-768x721.png 768w\" sizes=\"(max-width: 801px) 100vw, 801px\" \/>\t\t\t\t\t\t\t\t\t\t\t<\/p>\n<ul>\n<li>\n\t\t\t\t\t\t\t\t\t\t<b>TURISMO RURAL<\/b> \u2013 Incentivar e desenvolver o turismo rural na cidade;\n\t\t\t\t\t\t\t\t\t<\/li>\n<li>\n\t\t\t\t\t\t\t\t\t\t<b>ANT\u00d4NIO CARLOS MONITORADA<\/b> &#8211; Instala\u00e7\u00e3o gradativa de c\u00e2meras nos limites do munic\u00edpio, bairros e loteamentos;\n\t\t\t\t\t\t\t\t\t<\/li>\n<li>\n\t\t\t\t\t\t\t\t\t\t<b>PREVEN\u00c7\u00c3O <\/b>&#8211; Apoio aos programas de preven\u00e7\u00e3o \u00e0s drogas das pol\u00edcias civil e militar.\n\t\t\t\t\t\t\t\t\t<\/li>\n<\/ul>\n<h4>ESPORTE, LAZER E ASSIST\u00caNCIA SOCIAL<\/h4>\n<p>\t\t\t\t\t\t\t\t\t\t<img loading=\"lazy\" decoding=\"async\" width=\"801\" height=\"752\" src=\"https:\/\/geraldocandidato.zimmdigital.com.br\/wp-content\/uploads\/2020\/10\/VAI-FAZER-ESPORTE.png\" alt=\"\" srcset=\"https:\/\/geraldocandidato.zimmdigital.com.br\/wp-content\/uploads\/2020\/10\/VAI-FAZER-ESPORTE.png 801w, https:\/\/geraldocandidato.zimmdigital.com.br\/wp-content\/uploads\/2020\/10\/VAI-FAZER-ESPORTE-300x282.png 300w, https:\/\/geraldocandidato.zimmdigital.com.br\/wp-content\/uploads\/2020\/10\/VAI-FAZER-ESPORTE-768x721.png 768w\" sizes=\"(max-width: 801px) 100vw, 801px\" \/>\t\t\t\t\t\t\t\t\t\t\t<\/p>\n<ul>\n<li>\n\t\t\t\t\t\t\t\t\t\t<b>PROGRAMA BOLSA ATLETA<\/b> &#8211;  Auxiliar nos custo dos atletas que representam o munic\u00edpio em competi\u00e7\u00f5es regionais e estaduais;\n\t\t\t\t\t\t\t\t\t<\/li>\n<li>\n\t\t\t\t\t\t\t\t\t\t<b>JOGOS DA TERCEIRA IDADE <\/b>&#8211; Realizar os jogos municipais da Terceira Idade;\n\t\t\t\t\t\t\t\t\t<\/li>\n<li>\n\t\t\t\t\t\t\t\t\t\t<b>NOVO CAMPO DE FUTEBOL MUNICIPAL <\/b>\u2013 Manuten\u00e7\u00e3o e incentivo ao campeonato municipal de futebol nas categorias: aspirantes, veterano e principal;\n\t\t\t\t\t\t\t\t\t<\/li>\n<li>\n\t\t\t\t\t\t\t\t\t\t<b>MAIS ESPORTE MAIS SA\u00daDE<\/b> &#8211; Transformar \u00e1reas p\u00fablicas nas comunidades em pra\u00e7as e academias ao ar livre;\n\t\t\t\t\t\t\t\t\t<\/li>\n<li>\n\t\t\t\t\t\t\t\t\t\t<b>CONSELHO MUNICIPAL DA JUVENTUDE<\/b> &#8211; Para estimular a\u00e7\u00f5es e a valoriza\u00e7\u00e3o do jovem; Incentivo ao ciclismo &#8211; Rotas para atletas e turistas.\n\t\t\t\t\t\t\t\t\t<\/li>\n<\/ul>\n<h4>INFRAESTRUTURA<\/h4>\n<p>\t\t\t\t\t\t\t\t\t\t<img loading=\"lazy\" decoding=\"async\" width=\"801\" height=\"752\" src=\"https:\/\/geraldocandidato.zimmdigital.com.br\/wp-content\/uploads\/2020\/10\/VAI-FAZER-INFRAESTRUTURA.png\" alt=\"\" srcset=\"https:\/\/geraldocandidato.zimmdigital.com.br\/wp-content\/uploads\/2020\/10\/VAI-FAZER-INFRAESTRUTURA.png 801w, https:\/\/geraldocandidato.zimmdigital.com.br\/wp-content\/uploads\/2020\/10\/VAI-FAZER-INFRAESTRUTURA-300x282.png 300w, https:\/\/geraldocandidato.zimmdigital.com.br\/wp-content\/uploads\/2020\/10\/VAI-FAZER-INFRAESTRUTURA-768x721.png 768w\" sizes=\"(max-width: 801px) 100vw, 801px\" \/>\t\t\t\t\t\t\t\t\t\t\t<\/p>\n<ul>\n<li>\n\t\t\t\t\t\t\t\t\t\t<b>PAVIMENTA ANT\u00d4NIO CARLOS <\/b>&#8211; Cria\u00e7\u00e3o do programa \u201cPavimenta\u00e7\u00e3o Comunit\u00e1ria\u201d visando manuten\u00e7\u00e3o e novas pavimenta\u00e7\u00f5es no munic\u00edpio;\n\t\t\t\t\t\t\t\t\t<\/li>\n<li>\n\t\t\t\t\t\t\t\t\t\t<b>PROGRAMA REVITALIZA <\/b>&#8211;  Revitaliza\u00e7\u00e3o da \u00e1rea urbana do munic\u00edpio, com constru\u00e7\u00e3o de passeios e ciclofaixas, principalmente na Rua S\u00e3o Francisco que d\u00e1 acesso a Escola Municipal Dom Afonso Niehues;\n\t\t\t\t\t\t\t\t\t<\/li>\n<li>\n\t\t\t\t\t\t\t\t\t\t<b>MAIS MOBILIDADE <\/b>&#8211; Remodela\u00e7\u00e3o do tr\u00e2nsito em ruas centrais, dando mais mobilidade e seguran\u00e7a aos usu\u00e1rios.\n\t\t\t\t\t\t\t\t\t<\/li>\n<\/ul>\n<h4>MEIO AMBIENTE E DESENVOLVIMENTO URBANO<\/h4>\n<p>\t\t\t\t\t\t\t\t\t\t<img loading=\"lazy\" decoding=\"async\" width=\"801\" height=\"752\" src=\"https:\/\/geraldocandidato.zimmdigital.com.br\/wp-content\/uploads\/2020\/10\/VAI-FAZER-MEIO-AMBIENTE.png\" alt=\"\" srcset=\"https:\/\/geraldocandidato.zimmdigital.com.br\/wp-content\/uploads\/2020\/10\/VAI-FAZER-MEIO-AMBIENTE.png 801w, https:\/\/geraldocandidato.zimmdigital.com.br\/wp-content\/uploads\/2020\/10\/VAI-FAZER-MEIO-AMBIENTE-300x282.png 300w, https:\/\/geraldocandidato.zimmdigital.com.br\/wp-content\/uploads\/2020\/10\/VAI-FAZER-MEIO-AMBIENTE-768x721.png 768w\" sizes=\"(max-width: 801px) 100vw, 801px\" \/>\t\t\t\t\t\t\t\t\t\t\t<\/p>\n<ul>\n<li>\n\t\t\t\t\t\t\t\t\t\t<b>ANT\u00d4NIO CARLOS RECICLA <\/b>\u2013 Novo centro de coleta e triagem de lixo recicl\u00e1vel;\n\t\t\t\t\t\t\t\t\t<\/li>\n<li>\n\t\t\t\t\t\t\t\t\t\t<b>PARQUE MUNICIPAL DE ANT\u00d4NIO CARLOS <\/b>&#8211; Cria\u00e7\u00e3o do Parque Municipal de Ant\u00f4nio Carlos, com pistas de caminhadas, quadra poliesportiva, teatro ao ar livre, local para desenvolvimento da educa\u00e7\u00e3o ambiental;\n\t\t\t\t\t\t\t\t\t<\/li>\n<li>\n\t\t\t\t\t\t\t\t\t\t<b>CUIDAR DE ANT\u00d4NIO CARLOS <\/b>&#8211; Viabilizar junto a CASAN a implanta\u00e7\u00e3o da rede de coleta e tratamento de esgoto;\n\t\t\t\t\t\t\t\t\t<\/li>\n<li>\n\t\t\t\t\t\t\t\t\t\t<b>PARADA SEGURA <\/b>&#8211; Revitalizar os pontos de \u00f4nibus e abrigos, que s\u00e3o entraves \u00e0 mobilidade urbana, melhorando a seguran\u00e7a e o conforto dos usu\u00e1rios.\n\t\t\t\t\t\t\t\t\t<\/li>\n<\/ul>\n<h2>\u00c9 hora de decidir o futuro de nossa cidade! E para cuidar dessa terra \u00e9 preciso experi\u00eancia, amor, compromisso e responsabilidade. Geraldo e Filipe para Ant\u00f4nio Carlos continuar no Rumo Certo!<\/h2>\n<p>Veja nosso plano de governo completo \u2013 Clique para fazer o download abaixo.<\/p>\n<p>\t\t\t<a href=\"https:\/\/geraldocandidato.zimmdigital.com.br\/wp-content\/uploads\/2020\/10\/INFORMATIVO-15.pdf\" target=\"_blank\" role=\"button\" rel=\"noopener noreferrer\"><br \/>\n\t\t\t\t\t\tBAIXE AQUI<br \/>\n\t\t\t\t\t<\/a><\/p>\n<h4>BAIXE NOSSOS JINGLES<\/h4>\n<p>\t\t\t<a href=\"https:\/\/geraldocandidato.zimmdigital.com.br\/wp-content\/uploads\/2020\/10\/CHEGOU-A-HORA.mp3\" target=\"_blank\" role=\"button\" rel=\"noopener noreferrer\"><br \/>\n\t\t\t\t\t\tCHEGOU A HORA<br \/>\n\t\t\t\t\t<\/a><br \/>\n\t\t\t<a href=\"https:\/\/geraldocandidato.zimmdigital.com.br\/wp-content\/uploads\/2020\/10\/GERALDO-E-FILIPE-15-1.mp3\" target=\"_blank\" role=\"button\" rel=\"noopener noreferrer\"><br \/>\n\t\t\t\t\t\tGERALDO E FILIPE 15<br \/>\n\t\t\t\t\t<\/a><br \/>\n\t\t\t<a href=\"https:\/\/geraldocandidato.zimmdigital.com.br\/wp-content\/uploads\/2020\/10\/GERALDO-E-FILIPE-NO-DIA-15-VOTE-15.mp3\" target=\"_blank\" role=\"button\" rel=\"noopener noreferrer\"><br \/>\n\t\t\t\t\t\tNO DIA 15 VOTE 15<br \/>\n\t\t\t\t\t<\/a><br \/>\n\t\t\t<a href=\"https:\/\/geraldocandidato.zimmdigital.com.br\/wp-content\/uploads\/2020\/10\/EU-QUERO-GERALDO-PREFEITO.mp3\" target=\"_blank\" role=\"button\" rel=\"noopener noreferrer\"><br \/>\n\t\t\t\t\t\tEU QUERO GERALDO PREFEITO<br \/>\n\t\t\t\t\t<\/a><\/p>\n<h4>USE NOSSO AVATAR NO FACEBOOK<\/h4>\n<p>Clique aqui e some-se ao Geraldo e Filipe para Ant\u00f4nio Carlos continuar no rumo certo!<\/p>\n<p>\t\t\t<a href=\"http:\/\/bit.ly\/GeraldoeFilipe15\" target=\"_blank\" rel=\"nofollow noopener noreferrer\" role=\"button\"><br \/>\n\t\t\t\t\t\tUSE NOSSO AVATAR<br \/>\n\t\t\t\t\t<\/a><\/p>\n<h2>Confira o v\u00eddeo:<\/h2>\n<p>\t\thttps:\/\/youtu.be\/OQVGubx6WqAhttps:\/\/youtu.be\/YmYDRewnPR8\t\t<\/p>\n<h2>CONHE\u00c7A NOSSOS VEREADORES<\/h2>\n<h2>Saiba quem s\u00e3o os Vereadores da MDB Ant\u00f4nio Carlos<\/h2>\n<p>\t\t\t\t\t\t\t\t\t\t\t<a href=\"https:\/\/geraldocandidato.zimmdigital.com.br\/wp-content\/uploads\/2020\/10\/15000.png\" data-elementor-open-lightbox=\"yes\" data-elementor-lightbox-title=\"15000\"><br \/>\n\t\t\t\t\t\t\t<img loading=\"lazy\" decoding=\"async\" width=\"637\" height=\"896\" src=\"https:\/\/geraldocandidato.zimmdigital.com.br\/wp-content\/uploads\/2020\/10\/15000.png\" alt=\"\" srcset=\"https:\/\/geraldocandidato.zimmdigital.com.br\/wp-content\/uploads\/2020\/10\/15000.png 637w, https:\/\/geraldocandidato.zimmdigital.com.br\/wp-content\/uploads\/2020\/10\/15000-213x300.png 213w\" sizes=\"(max-width: 637px) 100vw, 637px\" \/>\t\t\t\t\t\t\t\t<\/a><br \/>\n\t\t\t\t\t\t\t\t\t\t\t<a href=\"https:\/\/geraldocandidato.zimmdigital.com.br\/wp-content\/uploads\/2020\/10\/15007.png\" data-elementor-open-lightbox=\"yes\" data-elementor-lightbox-title=\"15007\"><br \/>\n\t\t\t\t\t\t\t<img loading=\"lazy\" decoding=\"async\" width=\"637\" height=\"896\" src=\"https:\/\/geraldocandidato.zimmdigital.com.br\/wp-content\/uploads\/2020\/10\/15007.png\" alt=\"\" srcset=\"https:\/\/geraldocandidato.zimmdigital.com.br\/wp-content\/uploads\/2020\/10\/15007.png 637w, https:\/\/geraldocandidato.zimmdigital.com.br\/wp-content\/uploads\/2020\/10\/15007-213x300.png 213w\" sizes=\"(max-width: 637px) 100vw, 637px\" \/>\t\t\t\t\t\t\t\t<\/a><br \/>\n\t\t\t\t\t\t\t\t\t\t\t<a href=\"https:\/\/geraldocandidato.zimmdigital.com.br\/wp-content\/uploads\/2020\/10\/15015.png\" data-elementor-open-lightbox=\"yes\" data-elementor-lightbox-title=\"15015\"><br \/>\n\t\t\t\t\t\t\t<img loading=\"lazy\" decoding=\"async\" width=\"637\" height=\"896\" src=\"https:\/\/geraldocandidato.zimmdigital.com.br\/wp-content\/uploads\/2020\/10\/15015.png\" alt=\"\" srcset=\"https:\/\/geraldocandidato.zimmdigital.com.br\/wp-content\/uploads\/2020\/10\/15015.png 637w, https:\/\/geraldocandidato.zimmdigital.com.br\/wp-content\/uploads\/2020\/10\/15015-213x300.png 213w\" sizes=\"(max-width: 637px) 100vw, 637px\" \/>\t\t\t\t\t\t\t\t<\/a><br \/>\n\t\t\t\t\t\t\t\t\t\t\t<a href=\"https:\/\/geraldocandidato.zimmdigital.com.br\/wp-content\/uploads\/2020\/10\/15100.png\" data-elementor-open-lightbox=\"yes\" data-elementor-lightbox-title=\"15100\"><br \/>\n\t\t\t\t\t\t\t<img loading=\"lazy\" decoding=\"async\" width=\"637\" height=\"896\" src=\"https:\/\/geraldocandidato.zimmdigital.com.br\/wp-content\/uploads\/2020\/10\/15100.png\" alt=\"\" srcset=\"https:\/\/geraldocandidato.zimmdigital.com.br\/wp-content\/uploads\/2020\/10\/15100.png 637w, https:\/\/geraldocandidato.zimmdigital.com.br\/wp-content\/uploads\/2020\/10\/15100-213x300.png 213w\" sizes=\"(max-width: 637px) 100vw, 637px\" \/>\t\t\t\t\t\t\t\t<\/a><br \/>\n\t\t\t\t\t\t\t\t\t\t\t<a href=\"https:\/\/geraldocandidato.zimmdigital.com.br\/wp-content\/uploads\/2020\/10\/15123.png\" data-elementor-open-lightbox=\"yes\" data-elementor-lightbox-title=\"15123\"><br \/>\n\t\t\t\t\t\t\t<img loading=\"lazy\" decoding=\"async\" width=\"637\" height=\"896\" src=\"https:\/\/geraldocandidato.zimmdigital.com.br\/wp-content\/uploads\/2020\/10\/15123.png\" alt=\"\" srcset=\"https:\/\/geraldocandidato.zimmdigital.com.br\/wp-content\/uploads\/2020\/10\/15123.png 637w, https:\/\/geraldocandidato.zimmdigital.com.br\/wp-content\/uploads\/2020\/10\/15123-213x300.png 213w\" sizes=\"(max-width: 637px) 100vw, 637px\" \/>\t\t\t\t\t\t\t\t<\/a><br \/>\n\t\t\t\t\t\t\t\t\t\t\t<a href=\"https:\/\/geraldocandidato.zimmdigital.com.br\/wp-content\/uploads\/2020\/10\/15180.png\" data-elementor-open-lightbox=\"yes\" data-elementor-lightbox-title=\"15180\"><br \/>\n\t\t\t\t\t\t\t<img loading=\"lazy\" decoding=\"async\" width=\"637\" height=\"896\" src=\"https:\/\/geraldocandidato.zimmdigital.com.br\/wp-content\/uploads\/2020\/10\/15180.png\" alt=\"\" srcset=\"https:\/\/geraldocandidato.zimmdigital.com.br\/wp-content\/uploads\/2020\/10\/15180.png 637w, https:\/\/geraldocandidato.zimmdigital.com.br\/wp-content\/uploads\/2020\/10\/15180-213x300.png 213w\" sizes=\"(max-width: 637px) 100vw, 637px\" \/>\t\t\t\t\t\t\t\t<\/a><br \/>\n\t\t\t\t\t\t\t\t\t\t\t<a href=\"https:\/\/geraldocandidato.zimmdigital.com.br\/wp-content\/uploads\/2020\/10\/15234.png\" data-elementor-open-lightbox=\"yes\" data-elementor-lightbox-title=\"15234\"><br \/>\n\t\t\t\t\t\t\t<img loading=\"lazy\" decoding=\"async\" width=\"637\" height=\"896\" src=\"https:\/\/geraldocandidato.zimmdigital.com.br\/wp-content\/uploads\/2020\/10\/15234.png\" alt=\"\" srcset=\"https:\/\/geraldocandidato.zimmdigital.com.br\/wp-content\/uploads\/2020\/10\/15234.png 637w, https:\/\/geraldocandidato.zimmdigital.com.br\/wp-content\/uploads\/2020\/10\/15234-213x300.png 213w\" sizes=\"(max-width: 637px) 100vw, 637px\" \/>\t\t\t\t\t\t\t\t<\/a><br \/>\n\t\t\t\t\t\t\t\t\t\t\t<a href=\"https:\/\/geraldocandidato.zimmdigital.com.br\/wp-content\/uploads\/2020\/10\/15606.png\" data-elementor-open-lightbox=\"yes\" data-elementor-lightbox-title=\"15606\"><br \/>\n\t\t\t\t\t\t\t<img loading=\"lazy\" decoding=\"async\" width=\"637\" height=\"896\" src=\"https:\/\/geraldocandidato.zimmdigital.com.br\/wp-content\/uploads\/2020\/10\/15606.png\" alt=\"\" srcset=\"https:\/\/geraldocandidato.zimmdigital.com.br\/wp-content\/uploads\/2020\/10\/15606.png 637w, https:\/\/geraldocandidato.zimmdigital.com.br\/wp-content\/uploads\/2020\/10\/15606-213x300.png 213w\" sizes=\"(max-width: 637px) 100vw, 637px\" \/>\t\t\t\t\t\t\t\t<\/a><br \/>\n\t\t\t\t\t\t\t\t\t\t\t<a href=\"https:\/\/geraldocandidato.zimmdigital.com.br\/wp-content\/uploads\/2020\/10\/15615.png\" data-elementor-open-lightbox=\"yes\" data-elementor-lightbox-title=\"15615\"><br \/>\n\t\t\t\t\t\t\t<img loading=\"lazy\" decoding=\"async\" width=\"637\" height=\"896\" src=\"https:\/\/geraldocandidato.zimmdigital.com.br\/wp-content\/uploads\/2020\/10\/15615.png\" alt=\"\" srcset=\"https:\/\/geraldocandidato.zimmdigital.com.br\/wp-content\/uploads\/2020\/10\/15615.png 637w, https:\/\/geraldocandidato.zimmdigital.com.br\/wp-content\/uploads\/2020\/10\/15615-213x300.png 213w\" sizes=\"(max-width: 637px) 100vw, 637px\" \/>\t\t\t\t\t\t\t\t<\/a><br \/>\n\t\t\t\t\t\t\t\t\t\t\t<a href=\"https:\/\/geraldocandidato.zimmdigital.com.br\/wp-content\/uploads\/2020\/10\/15650.png\" data-elementor-open-lightbox=\"yes\" data-elementor-lightbox-title=\"15650\"><br \/>\n\t\t\t\t\t\t\t<img loading=\"lazy\" decoding=\"async\" width=\"637\" height=\"896\" src=\"https:\/\/geraldocandidato.zimmdigital.com.br\/wp-content\/uploads\/2020\/10\/15650.png\" alt=\"\" srcset=\"https:\/\/geraldocandidato.zimmdigital.com.br\/wp-content\/uploads\/2020\/10\/15650.png 637w, https:\/\/geraldocandidato.zimmdigital.com.br\/wp-content\/uploads\/2020\/10\/15650-213x300.png 213w\" sizes=\"(max-width: 637px) 100vw, 637px\" \/>\t\t\t\t\t\t\t\t<\/a><br \/>\n\t\t\t\t\t\t\t\t\t\t\t<a href=\"https:\/\/geraldocandidato.zimmdigital.com.br\/wp-content\/uploads\/2020\/10\/15666.png\" data-elementor-open-lightbox=\"yes\" data-elementor-lightbox-title=\"15666\"><br \/>\n\t\t\t\t\t\t\t<img loading=\"lazy\" decoding=\"async\" width=\"637\" height=\"896\" src=\"https:\/\/geraldocandidato.zimmdigital.com.br\/wp-content\/uploads\/2020\/10\/15666.png\" alt=\"\" srcset=\"https:\/\/geraldocandidato.zimmdigital.com.br\/wp-content\/uploads\/2020\/10\/15666.png 637w, https:\/\/geraldocandidato.zimmdigital.com.br\/wp-content\/uploads\/2020\/10\/15666-213x300.png 213w\" sizes=\"(max-width: 637px) 100vw, 637px\" \/>\t\t\t\t\t\t\t\t<\/a><br \/>\n\t\t\t\t\t\t\t\t\t\t\t<a href=\"https:\/\/geraldocandidato.zimmdigital.com.br\/wp-content\/uploads\/2020\/10\/15678.png\" data-elementor-open-lightbox=\"yes\" data-elementor-lightbox-title=\"15678\"><br \/>\n\t\t\t\t\t\t\t<img loading=\"lazy\" decoding=\"async\" width=\"637\" height=\"896\" src=\"https:\/\/geraldocandidato.zimmdigital.com.br\/wp-content\/uploads\/2020\/10\/15678.png\" alt=\"\" srcset=\"https:\/\/geraldocandidato.zimmdigital.com.br\/wp-content\/uploads\/2020\/10\/15678.png 637w, https:\/\/geraldocandidato.zimmdigital.com.br\/wp-content\/uploads\/2020\/10\/15678-213x300.png 213w\" sizes=\"(max-width: 637px) 100vw, 637px\" \/>\t\t\t\t\t\t\t\t<\/a><br \/>\n\t\t\t\t\t\t\t\t\t\t\t<a href=\"https:\/\/geraldocandidato.zimmdigital.com.br\/wp-content\/uploads\/2020\/10\/15777.png\" data-elementor-open-lightbox=\"yes\" data-elementor-lightbox-title=\"15777\"><br \/>\n\t\t\t\t\t\t\t<img loading=\"lazy\" decoding=\"async\" width=\"637\" height=\"896\" src=\"https:\/\/geraldocandidato.zimmdigital.com.br\/wp-content\/uploads\/2020\/10\/15777.png\" alt=\"\" srcset=\"https:\/\/geraldocandidato.zimmdigital.com.br\/wp-content\/uploads\/2020\/10\/15777.png 637w, https:\/\/geraldocandidato.zimmdigital.com.br\/wp-content\/uploads\/2020\/10\/15777-213x300.png 213w\" sizes=\"(max-width: 637px) 100vw, 637px\" \/>\t\t\t\t\t\t\t\t<\/a><br \/>\n\t\t\t\t\t\t\t\t\t\t\t<a href=\"https:\/\/geraldocandidato.zimmdigital.com.br\/wp-content\/uploads\/2020\/10\/15888.png\" data-elementor-open-lightbox=\"yes\" data-elementor-lightbox-title=\"15888\"><br \/>\n\t\t\t\t\t\t\t<img loading=\"lazy\" decoding=\"async\" width=\"637\" height=\"896\" src=\"https:\/\/geraldocandidato.zimmdigital.com.br\/wp-content\/uploads\/2020\/10\/15888.png\" alt=\"\" srcset=\"https:\/\/geraldocandidato.zimmdigital.com.br\/wp-content\/uploads\/2020\/10\/15888.png 637w, https:\/\/geraldocandidato.zimmdigital.com.br\/wp-content\/uploads\/2020\/10\/15888-213x300.png 213w\" sizes=\"(max-width: 637px) 100vw, 637px\" \/>\t\t\t\t\t\t\t\t<\/a><\/p>\n<h2>ANT\u00d4NIO CARLOS NO RUMO CERTO!<\/h2>\n<p>\t\t\t\t\t\t\t\t\t\t<img loading=\"lazy\" decoding=\"async\" width=\"800\" height=\"696\" src=\"https:\/\/geraldocandidato.zimmdigital.com.br\/wp-content\/uploads\/2020\/10\/QUERO-GERALDO-DE-NOVO.png\" alt=\"\" srcset=\"https:\/\/geraldocandidato.zimmdigital.com.br\/wp-content\/uploads\/2020\/10\/QUERO-GERALDO-DE-NOVO.png 800w, https:\/\/geraldocandidato.zimmdigital.com.br\/wp-content\/uploads\/2020\/10\/QUERO-GERALDO-DE-NOVO-300x261.png 300w, https:\/\/geraldocandidato.zimmdigital.com.br\/wp-content\/uploads\/2020\/10\/QUERO-GERALDO-DE-NOVO-768x668.png 768w\" sizes=\"(max-width: 800px) 100vw, 800px\" \/>\t\t\t\t\t\t\t\t\t\t\t<\/p>\n<p><strong>Ant\u00f4nio Carlos \u00e9 minha casa<\/strong>. Aqui nasci, cresci e constru\u00ed fam\u00edlia. De meus pais, agricultores, Maria Koch Pauli e Nelson Pauli, herdei o gosto pela terra, a import\u00e2ncia do trabalho e que a honestidade \u00e9 a principal de nossas virtudes. Sou esposo da Janice M\u00fcller Pauli, pai do Diego e av\u00f4 de Alana e Micael.<\/p>\n<p><strong>Conhe\u00e7o cada canto e recanto desta cidade, nossa popula\u00e7\u00e3o, suas dores e necessidades<\/strong>. Estou no meu quarto mandato de prefeito, gra\u00e7as a confian\u00e7a do povo antonio-carlense. J\u00e1 fui Secret\u00e1rio de Desenvolvimento Regional e Presidente da Ceasa\/SC, al\u00e9m de funcion\u00e1rio do Deinfra. S\u00e3o mais de 30 anos de vida p\u00fablica.<\/p>\n<p><strong>Sou candidato a reelei\u00e7\u00e3o porque acredito que \u00e9 por meio da gest\u00e3o p\u00fablica que podemos melhorar a vida da popula\u00e7\u00e3o<\/strong>. Ao meu lado, como candidato a vice-prefeito me acompanha o vereador mais jovem de Santa Catarina, Filipe Schmitz. Ele traz motiva\u00e7\u00e3o e renova\u00e7\u00e3o para novos projetos da cidade. <br \/>Nosso compromisso \u00e9 com a transpar\u00eancia de gest\u00e3o, responsabilidade com o dinheiro p\u00fablico, mais sa\u00fade e educa\u00e7\u00e3o de qualidade. Apoio \u00e0 agricultura, pecu\u00e1ria e ao desenvolvimento sustent\u00e1vel. <strong>Compromisso de quem conhece essa terra. De quem ama nossa cidade. Vamos juntos<\/strong>!<\/p>\n<p>\t\t\t\t\t\t\t\t\t\t<img loading=\"lazy\" decoding=\"async\" width=\"500\" height=\"283\" src=\"https:\/\/geraldocandidato.zimmdigital.com.br\/wp-content\/uploads\/2020\/10\/ASSINATURA.png\" alt=\"\" srcset=\"https:\/\/geraldocandidato.zimmdigital.com.br\/wp-content\/uploads\/2020\/10\/ASSINATURA.png 500w, https:\/\/geraldocandidato.zimmdigital.com.br\/wp-content\/uploads\/2020\/10\/ASSINATURA-300x170.png 300w\" sizes=\"(max-width: 500px) 100vw, 500px\" \/><br \/>\n\t\t\t\t\t\t\t\t\t\t<img loading=\"lazy\" decoding=\"async\" width=\"800\" height=\"696\" src=\"https:\/\/geraldocandidato.zimmdigital.com.br\/wp-content\/uploads\/2020\/10\/QUERO-GERALDO-DE-NOVO-2.png\" alt=\"\" srcset=\"https:\/\/geraldocandidato.zimmdigital.com.br\/wp-content\/uploads\/2020\/10\/QUERO-GERALDO-DE-NOVO-2.png 800w, https:\/\/geraldocandidato.zimmdigital.com.br\/wp-content\/uploads\/2020\/10\/QUERO-GERALDO-DE-NOVO-2-300x261.png 300w, https:\/\/geraldocandidato.zimmdigital.com.br\/wp-content\/uploads\/2020\/10\/QUERO-GERALDO-DE-NOVO-2-768x668.png 768w\" sizes=\"(max-width: 800px) 100vw, 800px\" \/>\t\t\t\t\t\t\t\t\t\t\t<\/p>\n<p>Nasceu e cresceu nessa terra, filho da Ana Marcia da Silveira e do Alexandre Schmitz, irm\u00e3o do Jo\u00e3o e da Ana Fl\u00e1via. Apaixonado pela nossa cidade, foi <strong>eleito vereador por Ant\u00f4nio Carlos em 2016, o mais jovem de Santa Catarina<\/strong>. Seu trabalho inovador ganhou destaque estadual e o elegeu presidente estadual da JMDB do estado.<\/p>\n<p>Realiza um mandato atuante na c\u00e2mara de vereadores com efici\u00eancia, ousadia e compromisso com as pessoas. <strong>Como Secret\u00e1rio Municipal de Turismo, Esporte, Ind\u00fastria e Com\u00e9rcio em 2018 realizou reformas, instituiu programas e colocou o munic\u00edpio no calend\u00e1rio esportivo do estado<\/strong>. Agora, ao lado do prefeito Geraldo Pauli, como candidato a vice-prefeito, <strong>vai somar seu esp\u00edrito inovador a sua dedica\u00e7\u00e3o, para trabalhar Ant\u00f4nio Carlos e garantir que a cidade vai Seguir no Rumo Certo<\/strong>.<\/p>\n<p>Tem alguma d\u00favida?<\/p>\n<h2>ENTRE EM CONTATO!<\/h2>\n<p>\t\t\t<iframe frameborder=\"0\" scrolling=\"no\" marginheight=\"0\" marginwidth=\"0\" src=\"https:\/\/maps.google.com\/maps?q=Ant%C3%B4nio%20Carlos%20-%20SC&amp;t=m&amp;z=14&amp;output=embed&amp;iwloc=near\" title=\"Ant\u00f4nio Carlos - SC\" aria-label=\"Ant\u00f4nio Carlos - SC\"><\/iframe>\t\t<\/p>\n<ul>\n<li>\n\t\t\t\t\t\t\t\t\t\tacgeraldo2020@gmail.com\n\t\t\t\t\t\t\t\t\t<\/li>\n<li>\n\t\t\t\t\t\t\t\t\t\tAnt\u00f4nio Carlos &#8211; SC\n\t\t\t\t\t\t\t\t\t<\/li>\n<li>\n\t\t\t\t\t\t\t\t\t\t(48) 99837-3553\n\t\t\t\t\t\t\t\t\t<\/li>\n<\/ul>\n<h2>DIA 15 VOTE NO 15<\/h2>\n<h2>Contagem Regressiva<\/h2>\n<p>\t\t\t Dias Horas Minutos Segundos\t\t<\/p>\n<h2>ANT\u00d4NIO CARLOS NO RUMO CERTO, NO DIA 15 DE NOVEMBRO \u00c9 15!<\/h2>\n<p>\t\t\t\t\t\t\t\t\t\t<img loading=\"lazy\" decoding=\"async\" width=\"500\" height=\"200\" src=\"https:\/\/geraldocandidato.zimmdigital.com.br\/wp-content\/uploads\/2020\/10\/LOGO-MDB-AC-BRANCO.png\" alt=\"\" srcset=\"https:\/\/geraldocandidato.zimmdigital.com.br\/wp-content\/uploads\/2020\/10\/LOGO-MDB-AC-BRANCO.png 500w, https:\/\/geraldocandidato.zimmdigital.com.br\/wp-content\/uploads\/2020\/10\/LOGO-MDB-AC-BRANCO-300x120.png 300w\" sizes=\"(max-width: 500px) 100vw, 500px\" \/>\t\t\t\t\t\t\t\t\t\t\t<\/p>\n<h2>Conhe\u00e7a mais de nossas propostas para Ant\u00f4nio Carlos, acompanhe nossas<br \/>redes sociais. Curta, comente e compartilhe. Vamos juntos, com Ant\u00f4nio Carlos no rumo certo!<\/h2>\n<p>\t\t\t\t\t<a href=\"https:\/\/www.facebook.com\/geraldopauli.ac\" target=\"_blank\" rel=\"nofollow noopener noreferrer\"><br \/>\n\t\t\t\t\t\tFacebook-f<br \/>\n\t\t\t\t\t\t\t\t\t\t\t<\/a><br \/>\n\t\t\t\t\t<a href=\"https:\/\/www.instagram.com\/geraldopauli.ac\/\" target=\"_blank\" rel=\"nofollow noopener noreferrer\"><br \/>\n\t\t\t\t\t\tInstagram<br \/>\n\t\t\t\t\t\t\t\t\t\t\t<\/a><\/p>\n<h4>Siga-nos no Facebook<\/h4>\n<ul>\n<li>\n\t\t\t\t\t<a href=\"#topo\"><br \/>\n\t\t\t\t\t\t\t\t\t\tVoltar ao Topo<br \/>\n\t\t\t\t\t\t\t\t\t\t\t<\/a>\n\t\t\t\t\t\t\t\t\t<\/li>\n<\/ul>\n<p>Geraldo Pauli 2020 | Todos os direitos reservados.<\/p>\n<p>MDB &#8211; Ant\u00f4nio Carlos no Rumo Certo &#8211; CNPJ 01.776.254\/0001-69<\/p>\n<ul>\n<li>\n\t\t\t\t\t<a href=\"https:\/\/factoryagencia.com.br\/\" target=\"_blank\" rel=\"nofollow noopener noreferrer\"><br \/>\n\t\t\t\t\t\t\t\t\t\tDesenvolvido por: FACTORY AG\u00caNCIA<br \/>\n\t\t\t\t\t\t\t\t\t\t\t<\/a>\n\t\t\t\t\t\t\t\t\t<\/li>\n<\/ul>\n","protected":false},"excerpt":{"rendered":"<p>ENDERE\u00c7O Ant\u00f4nio Carlos SC CONTATO (48) 99837-3553 E-MAIL acgeraldo2020@gmail.com Facebook-f Instagram Geraldo e Filipe para Ant\u00f4nio Carlos continuar no Rumo Certo \u00c9 hora de decidir o futuro de nossa cidade! E para cuidar dessa terra \u00e9 preciso experi\u00eancia, amor, compromisso e responsabilidade. Geraldo Pauli dedicou sua vida \u00e0 Ant\u00f4nio Carlos. Em todas as principais obras [&hellip;]<\/p>\n","protected":false},"author":1,"featured_media":0,"parent":0,"menu_order":0,"comment_status":"closed","ping_status":"open","template":"elementor_canvas","meta":{"footnotes":""},"_links":{"self":[{"href":"https:\/\/geraldocandidato.zimmdigital.com.br\/index.php\/wp-json\/wp\/v2\/pages\/10"}],"collection":[{"href":"https:\/\/geraldocandidato.zimmdigital.com.br\/index.php\/wp-json\/wp\/v2\/pages"}],"about":[{"href":"https:\/\/geraldocandidato.zimmdigital.com.br\/index.php\/wp-json\/wp\/v2\/types\/page"}],"author":[{"embeddable":true,"href":"https:\/\/geraldocandidato.zimmdigital.com.br\/index.php\/wp-json\/wp\/v2\/users\/1"}],"replies":[{"embeddable":true,"href":"https:\/\/geraldocandidato.zimmdigital.com.br\/index.php\/wp-json\/wp\/v2\/comments?post=10"}],"version-history":[{"count":0,"href":"https:\/\/geraldocandidato.zimmdigital.com.br\/index.php\/wp-json\/wp\/v2\/pages\/10\/revisions"}],"wp:attachment":[{"href":"https:\/\/geraldocandidato.zimmdigital.com.br\/index.php\/wp-json\/wp\/v2\/media?parent=10"}],"curies":[{"name":"wp","href":"https:\/\/api.w.org\/{rel}","templated":true}]}}